{"id":2118,"date":"2026-01-28T13:06:59","date_gmt":"2026-01-28T12:06:59","guid":{"rendered":"https:\/\/www.vkd.com\/lv-bayern\/?post_type=events&#038;p=2118"},"modified":"2026-01-28T13:06:59","modified_gmt":"2026-01-28T12:06:59","slug":"fruehjahrs-tagung-2026","status":"publish","type":"events","link":"https:\/\/www.vkd.com\/lv-bayern\/events\/fruehjahrs-tagung-2026\/","title":{"rendered":"Fr\u00fchjahrs-Tagung 2026"},"content":{"rendered":"<p>Sehr geehrte Damen und Herren,<br \/>\nliebe Kolleginnen und Kollegen,<\/p>\n<p>als Berufsfachverband der K\u00f6che Bayern laden wir Sie herzlich zur <b>Fr\u00fchjahrs-Tagung <\/b>vom<br \/>\n<b>24. bis <\/b><b>26<\/b><b>. <\/b><b>April<\/b><b> 2026<\/b> in den ZV Inn-Salzach e.V: ein.<\/p>\n<p>Wir freuen uns auf zahlreiche Teilnehmer und bitten um zahlreiche Anmeldung. <b>Informationen und die Tagesprogramme folgen in K\u00fcrze.<\/b><\/p>\n<p>Wir freuen uns auf Ihre Teilnahme und einen konstruktiven Austausch.<\/p>\n<p>Mit freundlichen Gr\u00fc\u00dfen<br \/>\n<b>Ihre Vorstandschaft<\/b><br \/>\n<b>Berufsfachverband der K\u00f6che Bayern<\/b><\/p>\n","protected":false},"featured_media":2093,"template":"","meta":[],"yoast_head":"<!-- This site is optimized with the Yoast SEO plugin v20.0 - https:\/\/yoast.com\/wordpress\/plugins\/seo\/ -->\n<title>Fr\u00fchjahrs-Tagung 2026 - Landesverband der K\u00f6che Bayern<\/title>\n<meta name=\"robots\" content=\"noindex, follow, max-snippet:-1, max-image-preview:large, max-video-preview:-1\" \/>\n<meta property=\"og:locale\" content=\"de_DE\" \/>\n<meta property=\"og:type\" content=\"article\" \/>\n<meta property=\"og:title\" content=\"Fr\u00fchjahrs-Tagung 2026 - Landesverband der K\u00f6che Bayern\" \/>\n<meta property=\"og:description\" content=\"Sehr geehrte Damen und Herren, liebe Kolleginnen und Kollegen, als Berufsfachverband der K\u00f6che Bayern laden wir Sie herzlich zur Fr\u00fchjahrs-Tagung vom 24. bis 26. April 2026 in den ZV Inn-Salzach e.V: ein. Wir freuen uns auf zahlreiche Teilnehmer und bitten um zahlreiche Anmeldung. Informationen und die Tagesprogramme folgen in K\u00fcrze. Wir freuen uns auf Ihre...\" \/>\n<meta property=\"og:url\" content=\"https:\/\/www.vkd.com\/lv-bayern\/events\/fruehjahrs-tagung-2026\/\" \/>\n<meta property=\"og:site_name\" content=\"Landesverband der K\u00f6che Bayern\" \/>\n<meta property=\"og:image\" content=\"https:\/\/www.vkd.com\/lv-bayern\/wp-content\/uploads\/sites\/14\/2026\/01\/SavethedateFT2026Altoetting.png\" \/>\n\t<meta property=\"og:image:width\" content=\"1280\" \/>\n\t<meta property=\"og:image:height\" content=\"720\" \/>\n\t<meta property=\"og:image:type\" content=\"image\/png\" \/>\n<meta name=\"twitter:card\" content=\"summary_large_image\" \/>\n<meta name=\"twitter:label1\" content=\"Gesch\u00e4tzte Lesezeit\" \/>\n\t<meta name=\"twitter:data1\" content=\"1\u00a0Minute\" \/>\n<script type=\"application\/ld+json\" class=\"yoast-schema-graph\">{\"@context\":\"https:\/\/schema.org\",\"@graph\":[{\"@type\":\"WebPage\",\"@id\":\"https:\/\/www.vkd.com\/lv-bayern\/events\/fruehjahrs-tagung-2026\/\",\"url\":\"https:\/\/www.vkd.com\/lv-bayern\/events\/fruehjahrs-tagung-2026\/\",\"name\":\"Fr\u00fchjahrs-Tagung 2026 - Landesverband der K\u00f6che Bayern\",\"isPartOf\":{\"@id\":\"https:\/\/www.vkd.com\/lv-bayern\/#website\"},\"datePublished\":\"2026-01-28T12:06:59+00:00\",\"dateModified\":\"2026-01-28T12:06:59+00:00\",\"breadcrumb\":{\"@id\":\"https:\/\/www.vkd.com\/lv-bayern\/events\/fruehjahrs-tagung-2026\/#breadcrumb\"},\"inLanguage\":\"de\",\"potentialAction\":[{\"@type\":\"ReadAction\",\"target\":[\"https:\/\/www.vkd.com\/lv-bayern\/events\/fruehjahrs-tagung-2026\/\"]}]},{\"@type\":\"BreadcrumbList\",\"@id\":\"https:\/\/www.vkd.com\/lv-bayern\/events\/fruehjahrs-tagung-2026\/#breadcrumb\",\"itemListElement\":[{\"@type\":\"ListItem\",\"position\":1,\"name\":\"Startseite\",\"item\":\"https:\/\/www.vkd.com\/lv-bayern\/\"},{\"@type\":\"ListItem\",\"position\":2,\"name\":\"Events\",\"item\":\"https:\/\/www.vkd.com\/lv-bayern\/events\/\"},{\"@type\":\"ListItem\",\"position\":3,\"name\":\"Fr\u00fchjahrs-Tagung 2026\"}]},{\"@type\":\"WebSite\",\"@id\":\"https:\/\/www.vkd.com\/lv-bayern\/#website\",\"url\":\"https:\/\/www.vkd.com\/lv-bayern\/\",\"name\":\"Landesverband der K\u00f6che Bayern\",\"description\":\"Landesverband im Verband der K\u00f6che Deutschlands e.V.\",\"potentialAction\":[{\"@type\":\"SearchAction\",\"target\":{\"@type\":\"EntryPoint\",\"urlTemplate\":\"https:\/\/www.vkd.com\/lv-bayern\/?s={search_term_string}\"},\"query-input\":\"required name=search_term_string\"}],\"inLanguage\":\"de\"}]}<\/script>\n<!-- \/ Yoast SEO plugin. -->","yoast_head_json":{"title":"Fr\u00fchjahrs-Tagung 2026 - Landesverband der K\u00f6che Bayern","robots":{"index":"noindex","follow":"follow","max-snippet":"max-snippet:-1","max-image-preview":"max-image-preview:large","max-video-preview":"max-video-preview:-1"},"og_locale":"de_DE","og_type":"article","og_title":"Fr\u00fchjahrs-Tagung 2026 - Landesverband der K\u00f6che Bayern","og_description":"Sehr geehrte Damen und Herren, liebe Kolleginnen und Kollegen, als Berufsfachverband der K\u00f6che Bayern laden wir Sie herzlich zur Fr\u00fchjahrs-Tagung vom 24. bis 26. April 2026 in den ZV Inn-Salzach e.V: ein. Wir freuen uns auf zahlreiche Teilnehmer und bitten um zahlreiche Anmeldung. Informationen und die Tagesprogramme folgen in K\u00fcrze. Wir freuen uns auf Ihre...","og_url":"https:\/\/www.vkd.com\/lv-bayern\/events\/fruehjahrs-tagung-2026\/","og_site_name":"Landesverband der K\u00f6che Bayern","og_image":[{"width":1280,"height":720,"url":"https:\/\/www.vkd.com\/lv-bayern\/wp-content\/uploads\/sites\/14\/2026\/01\/SavethedateFT2026Altoetting.png","type":"image\/png"}],"twitter_card":"summary_large_image","twitter_misc":{"Gesch\u00e4tzte Lesezeit":"1\u00a0Minute"},"schema":{"@context":"https:\/\/schema.org","@graph":[{"@type":"WebPage","@id":"https:\/\/www.vkd.com\/lv-bayern\/events\/fruehjahrs-tagung-2026\/","url":"https:\/\/www.vkd.com\/lv-bayern\/events\/fruehjahrs-tagung-2026\/","name":"Fr\u00fchjahrs-Tagung 2026 - Landesverband der K\u00f6che Bayern","isPartOf":{"@id":"https:\/\/www.vkd.com\/lv-bayern\/#website"},"datePublished":"2026-01-28T12:06:59+00:00","dateModified":"2026-01-28T12:06:59+00:00","breadcrumb":{"@id":"https:\/\/www.vkd.com\/lv-bayern\/events\/fruehjahrs-tagung-2026\/#breadcrumb"},"inLanguage":"de","potentialAction":[{"@type":"ReadAction","target":["https:\/\/www.vkd.com\/lv-bayern\/events\/fruehjahrs-tagung-2026\/"]}]},{"@type":"BreadcrumbList","@id":"https:\/\/www.vkd.com\/lv-bayern\/events\/fruehjahrs-tagung-2026\/#breadcrumb","itemListElement":[{"@type":"ListItem","position":1,"name":"Startseite","item":"https:\/\/www.vkd.com\/lv-bayern\/"},{"@type":"ListItem","position":2,"name":"Events","item":"https:\/\/www.vkd.com\/lv-bayern\/events\/"},{"@type":"ListItem","position":3,"name":"Fr\u00fchjahrs-Tagung 2026"}]},{"@type":"WebSite","@id":"https:\/\/www.vkd.com\/lv-bayern\/#website","url":"https:\/\/www.vkd.com\/lv-bayern\/","name":"Landesverband der K\u00f6che Bayern","description":"Landesverband im Verband der K\u00f6che Deutschlands e.V.","potentialAction":[{"@type":"SearchAction","target":{"@type":"EntryPoint","urlTemplate":"https:\/\/www.vkd.com\/lv-bayern\/?s={search_term_string}"},"query-input":"required name=search_term_string"}],"inLanguage":"de"}]}},"_links":{"self":[{"href":"https:\/\/www.vkd.com\/lv-bayern\/wp-json\/wp\/v2\/events\/2118"}],"collection":[{"href":"https:\/\/www.vkd.com\/lv-bayern\/wp-json\/wp\/v2\/events"}],"about":[{"href":"https:\/\/www.vkd.com\/lv-bayern\/wp-json\/wp\/v2\/types\/events"}],"wp:featuredmedia":[{"embeddable":true,"href":"https:\/\/www.vkd.com\/lv-bayern\/wp-json\/wp\/v2\/media\/2093"}],"wp:attachment":[{"href":"https:\/\/www.vkd.com\/lv-bayern\/wp-json\/wp\/v2\/media?parent=2118"}],"curies":[{"name":"wp","href":"https:\/\/api.w.org\/{rel}","templated":true}]}}