{"id":2051,"date":"2026-01-12T10:18:40","date_gmt":"2026-01-12T09:18:40","guid":{"rendered":"https:\/\/www.vkd.com\/lv-bayern\/?post_type=events&#038;p=2051"},"modified":"2026-01-12T10:18:40","modified_gmt":"2026-01-12T09:18:40","slug":"fischessen-des-club-der-koeche-donau-ries-e-v","status":"publish","type":"events","link":"https:\/\/www.vkd.com\/lv-bayern\/events\/fischessen-des-club-der-koeche-donau-ries-e-v\/","title":{"rendered":"Fischessen des Club der K\u00f6che Donau-Ries e.V."},"content":{"rendered":"<p>Sehr geehrte Damen und Herren,<\/p>\n<p>auch in diesem Jahr findet zum wiederholten Male das Fischessen des Club der K\u00f6che Donau-Ries e.V. statt.<\/p>\n<p>Hierzu erlauben wir uns Sie herzlich einzuladen.<\/p>\n<p><strong>Unser Termin ist Freitag, 30.Januar im <\/strong><br \/>\n<strong>Br\u00e4uhaussaal des Hotel Meerfr\u00e4ulein in Wemding.<\/strong><\/p>\n<p>Das Men\u00fc mit Einladung finden Sie im Anhang.<\/p>\n<p>Unser Team und die Familie Meyer w\u00fcrde sich sehr freuen, Sie zu diesem<br \/>\nAnlass begr\u00fc\u00dfen zu d\u00fcrfen.<\/p>\n<p>Mit freundlichen Gr\u00fc\u00dfen<\/p>\n<p><strong>Josef A. Meyer<br \/>\n<\/strong><strong>1. Vorsitzender Club der K\u00f6che Donau-Ries e.V.<br \/>\n<\/strong><\/p>\n<h1><strong>INFOS finden Sie Hier:<\/p>\n<p><a href=\"https:\/\/www.vkd.com\/lv-bayern\/wp-content\/uploads\/sites\/14\/2026\/01\/Einladung-Fischessen-2026.pdf\">Einladung Fischessen 2026<\/a><br \/>\n<\/strong><\/h1>\n","protected":false},"featured_media":708,"template":"","meta":[],"yoast_head":"<!-- This site is optimized with the Yoast SEO plugin v20.0 - https:\/\/yoast.com\/wordpress\/plugins\/seo\/ -->\n<title>Fischessen des Club der K\u00f6che Donau-Ries e.V. - Landesverband der K\u00f6che Bayern<\/title>\n<meta name=\"robots\" content=\"noindex, follow, max-snippet:-1, max-image-preview:large, max-video-preview:-1\" \/>\n<meta property=\"og:locale\" content=\"de_DE\" \/>\n<meta property=\"og:type\" content=\"article\" \/>\n<meta property=\"og:title\" content=\"Fischessen des Club der K\u00f6che Donau-Ries e.V. - Landesverband der K\u00f6che Bayern\" \/>\n<meta property=\"og:description\" content=\"Sehr geehrte Damen und Herren, auch in diesem Jahr findet zum wiederholten Male das Fischessen des Club der K\u00f6che Donau-Ries e.V. statt. Hierzu erlauben wir uns Sie herzlich einzuladen. Unser Termin ist Freitag, 30.Januar im Br\u00e4uhaussaal des Hotel Meerfr\u00e4ulein in Wemding. Das Men\u00fc mit Einladung finden Sie im Anhang. Unser Team und die Familie Meyer...\" \/>\n<meta property=\"og:url\" content=\"https:\/\/www.vkd.com\/lv-bayern\/events\/fischessen-des-club-der-koeche-donau-ries-e-v\/\" \/>\n<meta property=\"og:site_name\" content=\"Landesverband der K\u00f6che Bayern\" \/>\n<meta property=\"og:image\" content=\"https:\/\/www.vkd.com\/lv-bayern\/wp-content\/uploads\/sites\/14\/2024\/08\/logo-1.jpg\" \/>\n\t<meta property=\"og:image:width\" content=\"273\" \/>\n\t<meta property=\"og:image:height\" content=\"232\" \/>\n\t<meta property=\"og:image:type\" content=\"image\/jpeg\" \/>\n<meta name=\"twitter:card\" content=\"summary_large_image\" \/>\n<meta name=\"twitter:label1\" content=\"Gesch\u00e4tzte Lesezeit\" \/>\n\t<meta name=\"twitter:data1\" content=\"1\u00a0Minute\" \/>\n<script type=\"application\/ld+json\" class=\"yoast-schema-graph\">{\"@context\":\"https:\/\/schema.org\",\"@graph\":[{\"@type\":\"WebPage\",\"@id\":\"https:\/\/www.vkd.com\/lv-bayern\/events\/fischessen-des-club-der-koeche-donau-ries-e-v\/\",\"url\":\"https:\/\/www.vkd.com\/lv-bayern\/events\/fischessen-des-club-der-koeche-donau-ries-e-v\/\",\"name\":\"Fischessen des Club der K\u00f6che Donau-Ries e.V. - Landesverband der K\u00f6che Bayern\",\"isPartOf\":{\"@id\":\"https:\/\/www.vkd.com\/lv-bayern\/#website\"},\"datePublished\":\"2026-01-12T09:18:40+00:00\",\"dateModified\":\"2026-01-12T09:18:40+00:00\",\"breadcrumb\":{\"@id\":\"https:\/\/www.vkd.com\/lv-bayern\/events\/fischessen-des-club-der-koeche-donau-ries-e-v\/#breadcrumb\"},\"inLanguage\":\"de\",\"potentialAction\":[{\"@type\":\"ReadAction\",\"target\":[\"https:\/\/www.vkd.com\/lv-bayern\/events\/fischessen-des-club-der-koeche-donau-ries-e-v\/\"]}]},{\"@type\":\"BreadcrumbList\",\"@id\":\"https:\/\/www.vkd.com\/lv-bayern\/events\/fischessen-des-club-der-koeche-donau-ries-e-v\/#breadcrumb\",\"itemListElement\":[{\"@type\":\"ListItem\",\"position\":1,\"name\":\"Startseite\",\"item\":\"https:\/\/www.vkd.com\/lv-bayern\/\"},{\"@type\":\"ListItem\",\"position\":2,\"name\":\"Events\",\"item\":\"https:\/\/www.vkd.com\/lv-bayern\/events\/\"},{\"@type\":\"ListItem\",\"position\":3,\"name\":\"Fischessen des Club der K\u00f6che Donau-Ries e.V.\"}]},{\"@type\":\"WebSite\",\"@id\":\"https:\/\/www.vkd.com\/lv-bayern\/#website\",\"url\":\"https:\/\/www.vkd.com\/lv-bayern\/\",\"name\":\"Landesverband der K\u00f6che Bayern\",\"description\":\"Landesverband im Verband der K\u00f6che Deutschlands e.V.\",\"potentialAction\":[{\"@type\":\"SearchAction\",\"target\":{\"@type\":\"EntryPoint\",\"urlTemplate\":\"https:\/\/www.vkd.com\/lv-bayern\/?s={search_term_string}\"},\"query-input\":\"required name=search_term_string\"}],\"inLanguage\":\"de\"}]}<\/script>\n<!-- \/ Yoast SEO plugin. -->","yoast_head_json":{"title":"Fischessen des Club der K\u00f6che Donau-Ries e.V. - Landesverband der K\u00f6che Bayern","robots":{"index":"noindex","follow":"follow","max-snippet":"max-snippet:-1","max-image-preview":"max-image-preview:large","max-video-preview":"max-video-preview:-1"},"og_locale":"de_DE","og_type":"article","og_title":"Fischessen des Club der K\u00f6che Donau-Ries e.V. - Landesverband der K\u00f6che Bayern","og_description":"Sehr geehrte Damen und Herren, auch in diesem Jahr findet zum wiederholten Male das Fischessen des Club der K\u00f6che Donau-Ries e.V. statt. Hierzu erlauben wir uns Sie herzlich einzuladen. Unser Termin ist Freitag, 30.Januar im Br\u00e4uhaussaal des Hotel Meerfr\u00e4ulein in Wemding. Das Men\u00fc mit Einladung finden Sie im Anhang. Unser Team und die Familie Meyer...","og_url":"https:\/\/www.vkd.com\/lv-bayern\/events\/fischessen-des-club-der-koeche-donau-ries-e-v\/","og_site_name":"Landesverband der K\u00f6che Bayern","og_image":[{"width":273,"height":232,"url":"https:\/\/www.vkd.com\/lv-bayern\/wp-content\/uploads\/sites\/14\/2024\/08\/logo-1.jpg","type":"image\/jpeg"}],"twitter_card":"summary_large_image","twitter_misc":{"Gesch\u00e4tzte Lesezeit":"1\u00a0Minute"},"schema":{"@context":"https:\/\/schema.org","@graph":[{"@type":"WebPage","@id":"https:\/\/www.vkd.com\/lv-bayern\/events\/fischessen-des-club-der-koeche-donau-ries-e-v\/","url":"https:\/\/www.vkd.com\/lv-bayern\/events\/fischessen-des-club-der-koeche-donau-ries-e-v\/","name":"Fischessen des Club der K\u00f6che Donau-Ries e.V. - Landesverband der K\u00f6che Bayern","isPartOf":{"@id":"https:\/\/www.vkd.com\/lv-bayern\/#website"},"datePublished":"2026-01-12T09:18:40+00:00","dateModified":"2026-01-12T09:18:40+00:00","breadcrumb":{"@id":"https:\/\/www.vkd.com\/lv-bayern\/events\/fischessen-des-club-der-koeche-donau-ries-e-v\/#breadcrumb"},"inLanguage":"de","potentialAction":[{"@type":"ReadAction","target":["https:\/\/www.vkd.com\/lv-bayern\/events\/fischessen-des-club-der-koeche-donau-ries-e-v\/"]}]},{"@type":"BreadcrumbList","@id":"https:\/\/www.vkd.com\/lv-bayern\/events\/fischessen-des-club-der-koeche-donau-ries-e-v\/#breadcrumb","itemListElement":[{"@type":"ListItem","position":1,"name":"Startseite","item":"https:\/\/www.vkd.com\/lv-bayern\/"},{"@type":"ListItem","position":2,"name":"Events","item":"https:\/\/www.vkd.com\/lv-bayern\/events\/"},{"@type":"ListItem","position":3,"name":"Fischessen des Club der K\u00f6che Donau-Ries e.V."}]},{"@type":"WebSite","@id":"https:\/\/www.vkd.com\/lv-bayern\/#website","url":"https:\/\/www.vkd.com\/lv-bayern\/","name":"Landesverband der K\u00f6che Bayern","description":"Landesverband im Verband der K\u00f6che Deutschlands e.V.","potentialAction":[{"@type":"SearchAction","target":{"@type":"EntryPoint","urlTemplate":"https:\/\/www.vkd.com\/lv-bayern\/?s={search_term_string}"},"query-input":"required name=search_term_string"}],"inLanguage":"de"}]}},"_links":{"self":[{"href":"https:\/\/www.vkd.com\/lv-bayern\/wp-json\/wp\/v2\/events\/2051"}],"collection":[{"href":"https:\/\/www.vkd.com\/lv-bayern\/wp-json\/wp\/v2\/events"}],"about":[{"href":"https:\/\/www.vkd.com\/lv-bayern\/wp-json\/wp\/v2\/types\/events"}],"wp:featuredmedia":[{"embeddable":true,"href":"https:\/\/www.vkd.com\/lv-bayern\/wp-json\/wp\/v2\/media\/708"}],"wp:attachment":[{"href":"https:\/\/www.vkd.com\/lv-bayern\/wp-json\/wp\/v2\/media?parent=2051"}],"curies":[{"name":"wp","href":"https:\/\/api.w.org\/{rel}","templated":true}]}}