{"id":2020,"date":"2025-12-10T18:56:14","date_gmt":"2025-12-10T17:56:14","guid":{"rendered":"https:\/\/www.vkd.com\/lv-bayern\/?post_type=events&#038;p=2020"},"modified":"2025-12-10T18:58:58","modified_gmt":"2025-12-10T17:58:58","slug":"metzgerburschenverein-laedt-zum-handwerkerball","status":"publish","type":"events","link":"https:\/\/www.vkd.com\/lv-bayern\/events\/metzgerburschenverein-laedt-zum-handwerkerball\/","title":{"rendered":"Metzgerburschenverein l\u00e4dt zum Handwerkerball"},"content":{"rendered":"<p><strong>Liebe Vereinsmitglieder,<br \/>\nliebe Kolleginnen und Kollegen aller Zweigvereine,<\/strong><\/p>\n<p>der Metzgerburschenverein l\u00e4dt\u00a0 zum Handwerkerball ein.<br \/>\nDazu das Plakat im Anhang.<\/p>\n<p>Bitte um zahlreiche Beteiligung!<\/p>\n<p>Herzliche Gr\u00fc\u00dfe<br \/>\nMax -E. Antholzner<br \/>\n&#8212;<br \/>\nKarl Heinz Kohler<br \/>\nSchriftf\u00fchrer<br \/>\n<strong>Verein der K\u00f6che Rosenheim\/Stadt und Land e.V.<\/strong><br \/>\nApianstrasse 4<br \/>\nD-83022 Rosenheim<br \/>\nTel. +49.(0)8031.16421<br \/>\nemail: <a href=\"mailto:khkohler@icloud.com\">khkohler@icloud.com<\/a><\/p>\n","protected":false},"featured_media":2021,"template":"","meta":[],"yoast_head":"<!-- This site is optimized with the Yoast SEO plugin v20.0 - https:\/\/yoast.com\/wordpress\/plugins\/seo\/ -->\n<title>Metzgerburschenverein l\u00e4dt zum Handwerkerball - Landesverband der K\u00f6che Bayern<\/title>\n<meta name=\"robots\" content=\"noindex, follow, max-snippet:-1, max-image-preview:large, max-video-preview:-1\" \/>\n<meta property=\"og:locale\" content=\"de_DE\" \/>\n<meta property=\"og:type\" content=\"article\" \/>\n<meta property=\"og:title\" content=\"Metzgerburschenverein l\u00e4dt zum Handwerkerball - Landesverband der K\u00f6che Bayern\" \/>\n<meta property=\"og:description\" content=\"Liebe Vereinsmitglieder, liebe Kolleginnen und Kollegen aller Zweigvereine, der Metzgerburschenverein l\u00e4dt\u00a0 zum Handwerkerball ein. Dazu das Plakat im Anhang. Bitte um zahlreiche Beteiligung! Herzliche Gr\u00fc\u00dfe Max -E. Antholzner &#8212; Karl Heinz Kohler Schriftf\u00fchrer Verein der K\u00f6che Rosenheim\/Stadt und Land e.V. Apianstrasse 4 D-83022 Rosenheim Tel. +49.(0)8031.16421 email: khkohler@icloud.com\" \/>\n<meta property=\"og:url\" content=\"https:\/\/www.vkd.com\/lv-bayern\/events\/metzgerburschenverein-laedt-zum-handwerkerball\/\" \/>\n<meta property=\"og:site_name\" content=\"Landesverband der K\u00f6che Bayern\" \/>\n<meta property=\"article:modified_time\" content=\"2025-12-10T17:58:58+00:00\" \/>\n<meta property=\"og:image\" content=\"https:\/\/www.vkd.com\/lv-bayern\/wp-content\/uploads\/sites\/14\/2025\/12\/Bild1.png\" \/>\n\t<meta property=\"og:image:width\" content=\"474\" \/>\n\t<meta property=\"og:image:height\" content=\"675\" \/>\n\t<meta property=\"og:image:type\" content=\"image\/png\" \/>\n<meta name=\"twitter:card\" content=\"summary_large_image\" \/>\n<meta name=\"twitter:label1\" content=\"Gesch\u00e4tzte Lesezeit\" \/>\n\t<meta name=\"twitter:data1\" content=\"1\u00a0Minute\" \/>\n<script type=\"application\/ld+json\" class=\"yoast-schema-graph\">{\"@context\":\"https:\/\/schema.org\",\"@graph\":[{\"@type\":\"WebPage\",\"@id\":\"https:\/\/www.vkd.com\/lv-bayern\/events\/metzgerburschenverein-laedt-zum-handwerkerball\/\",\"url\":\"https:\/\/www.vkd.com\/lv-bayern\/events\/metzgerburschenverein-laedt-zum-handwerkerball\/\",\"name\":\"Metzgerburschenverein l\u00e4dt zum Handwerkerball - Landesverband der K\u00f6che Bayern\",\"isPartOf\":{\"@id\":\"https:\/\/www.vkd.com\/lv-bayern\/#website\"},\"datePublished\":\"2025-12-10T17:56:14+00:00\",\"dateModified\":\"2025-12-10T17:58:58+00:00\",\"breadcrumb\":{\"@id\":\"https:\/\/www.vkd.com\/lv-bayern\/events\/metzgerburschenverein-laedt-zum-handwerkerball\/#breadcrumb\"},\"inLanguage\":\"de\",\"potentialAction\":[{\"@type\":\"ReadAction\",\"target\":[\"https:\/\/www.vkd.com\/lv-bayern\/events\/metzgerburschenverein-laedt-zum-handwerkerball\/\"]}]},{\"@type\":\"BreadcrumbList\",\"@id\":\"https:\/\/www.vkd.com\/lv-bayern\/events\/metzgerburschenverein-laedt-zum-handwerkerball\/#breadcrumb\",\"itemListElement\":[{\"@type\":\"ListItem\",\"position\":1,\"name\":\"Startseite\",\"item\":\"https:\/\/www.vkd.com\/lv-bayern\/\"},{\"@type\":\"ListItem\",\"position\":2,\"name\":\"Events\",\"item\":\"https:\/\/www.vkd.com\/lv-bayern\/events\/\"},{\"@type\":\"ListItem\",\"position\":3,\"name\":\"Metzgerburschenverein l\u00e4dt zum Handwerkerball\"}]},{\"@type\":\"WebSite\",\"@id\":\"https:\/\/www.vkd.com\/lv-bayern\/#website\",\"url\":\"https:\/\/www.vkd.com\/lv-bayern\/\",\"name\":\"Landesverband der K\u00f6che Bayern\",\"description\":\"Landesverband im Verband der K\u00f6che Deutschlands e.V.\",\"potentialAction\":[{\"@type\":\"SearchAction\",\"target\":{\"@type\":\"EntryPoint\",\"urlTemplate\":\"https:\/\/www.vkd.com\/lv-bayern\/?s={search_term_string}\"},\"query-input\":\"required name=search_term_string\"}],\"inLanguage\":\"de\"}]}<\/script>\n<!-- \/ Yoast SEO plugin. -->","yoast_head_json":{"title":"Metzgerburschenverein l\u00e4dt zum Handwerkerball - Landesverband der K\u00f6che Bayern","robots":{"index":"noindex","follow":"follow","max-snippet":"max-snippet:-1","max-image-preview":"max-image-preview:large","max-video-preview":"max-video-preview:-1"},"og_locale":"de_DE","og_type":"article","og_title":"Metzgerburschenverein l\u00e4dt zum Handwerkerball - Landesverband der K\u00f6che Bayern","og_description":"Liebe Vereinsmitglieder, liebe Kolleginnen und Kollegen aller Zweigvereine, der Metzgerburschenverein l\u00e4dt\u00a0 zum Handwerkerball ein. Dazu das Plakat im Anhang. Bitte um zahlreiche Beteiligung! Herzliche Gr\u00fc\u00dfe Max -E. Antholzner &#8212; Karl Heinz Kohler Schriftf\u00fchrer Verein der K\u00f6che Rosenheim\/Stadt und Land e.V. Apianstrasse 4 D-83022 Rosenheim Tel. +49.(0)8031.16421 email: khkohler@icloud.com","og_url":"https:\/\/www.vkd.com\/lv-bayern\/events\/metzgerburschenverein-laedt-zum-handwerkerball\/","og_site_name":"Landesverband der K\u00f6che Bayern","article_modified_time":"2025-12-10T17:58:58+00:00","og_image":[{"width":474,"height":675,"url":"https:\/\/www.vkd.com\/lv-bayern\/wp-content\/uploads\/sites\/14\/2025\/12\/Bild1.png","type":"image\/png"}],"twitter_card":"summary_large_image","twitter_misc":{"Gesch\u00e4tzte Lesezeit":"1\u00a0Minute"},"schema":{"@context":"https:\/\/schema.org","@graph":[{"@type":"WebPage","@id":"https:\/\/www.vkd.com\/lv-bayern\/events\/metzgerburschenverein-laedt-zum-handwerkerball\/","url":"https:\/\/www.vkd.com\/lv-bayern\/events\/metzgerburschenverein-laedt-zum-handwerkerball\/","name":"Metzgerburschenverein l\u00e4dt zum Handwerkerball - Landesverband der K\u00f6che Bayern","isPartOf":{"@id":"https:\/\/www.vkd.com\/lv-bayern\/#website"},"datePublished":"2025-12-10T17:56:14+00:00","dateModified":"2025-12-10T17:58:58+00:00","breadcrumb":{"@id":"https:\/\/www.vkd.com\/lv-bayern\/events\/metzgerburschenverein-laedt-zum-handwerkerball\/#breadcrumb"},"inLanguage":"de","potentialAction":[{"@type":"ReadAction","target":["https:\/\/www.vkd.com\/lv-bayern\/events\/metzgerburschenverein-laedt-zum-handwerkerball\/"]}]},{"@type":"BreadcrumbList","@id":"https:\/\/www.vkd.com\/lv-bayern\/events\/metzgerburschenverein-laedt-zum-handwerkerball\/#breadcrumb","itemListElement":[{"@type":"ListItem","position":1,"name":"Startseite","item":"https:\/\/www.vkd.com\/lv-bayern\/"},{"@type":"ListItem","position":2,"name":"Events","item":"https:\/\/www.vkd.com\/lv-bayern\/events\/"},{"@type":"ListItem","position":3,"name":"Metzgerburschenverein l\u00e4dt zum Handwerkerball"}]},{"@type":"WebSite","@id":"https:\/\/www.vkd.com\/lv-bayern\/#website","url":"https:\/\/www.vkd.com\/lv-bayern\/","name":"Landesverband der K\u00f6che Bayern","description":"Landesverband im Verband der K\u00f6che Deutschlands e.V.","potentialAction":[{"@type":"SearchAction","target":{"@type":"EntryPoint","urlTemplate":"https:\/\/www.vkd.com\/lv-bayern\/?s={search_term_string}"},"query-input":"required name=search_term_string"}],"inLanguage":"de"}]}},"_links":{"self":[{"href":"https:\/\/www.vkd.com\/lv-bayern\/wp-json\/wp\/v2\/events\/2020"}],"collection":[{"href":"https:\/\/www.vkd.com\/lv-bayern\/wp-json\/wp\/v2\/events"}],"about":[{"href":"https:\/\/www.vkd.com\/lv-bayern\/wp-json\/wp\/v2\/types\/events"}],"wp:featuredmedia":[{"embeddable":true,"href":"https:\/\/www.vkd.com\/lv-bayern\/wp-json\/wp\/v2\/media\/2021"}],"wp:attachment":[{"href":"https:\/\/www.vkd.com\/lv-bayern\/wp-json\/wp\/v2\/media?parent=2020"}],"curies":[{"name":"wp","href":"https:\/\/api.w.org\/{rel}","templated":true}]}}