{"id":1953,"date":"2025-11-18T10:31:11","date_gmt":"2025-11-18T09:31:11","guid":{"rendered":"https:\/\/www.vkd.com\/lv-bayern\/?post_type=events&#038;p=1953"},"modified":"2025-11-18T10:31:11","modified_gmt":"2025-11-18T09:31:11","slug":"gedenkgottesdienst-unseres-koecheverein-inn-salzach-e-v","status":"publish","type":"events","link":"https:\/\/www.vkd.com\/lv-bayern\/events\/gedenkgottesdienst-unseres-koecheverein-inn-salzach-e-v\/","title":{"rendered":"Gedenkgottesdienst unseres K\u00f6cheverein Inn-Salzach e.V."},"content":{"rendered":"<p>Liebe Kolleginnen und Kollegen,<br \/>\nliebe K\u00f6chevereinsmitglieder,<br \/>\nliebe Freunde der wei\u00dfen Zunft,<\/p>\n<p>&#8230;&#8220;aus unserem Vereinskalender&#8220;&#8230;<br \/>\nheute in einer Woche sehen wir uns wieder!<br \/>\n<strong><br \/>\n<\/strong><strong>Herzliche Einladung zu unserem Gedenkgottesdienst unseres K\u00f6cheverein Inn-Salzach e.V.<\/strong><br \/>\n<strong>am Dienstag, 25. November um 15 Uhr in der Kirche St. Magdalena in Alt\u00f6tting.<\/strong><br \/>\n<strong>Gemeinsam m\u00f6chten wir unsere K\u00f6chegemeinschaft st\u00e4rken, ein Miteinander pflegen und F\u00fcreinander da sein.<\/strong><br \/>\nWir laden ganz besonders herzlich eure Familien, Mitarbeiter und vor allem eure Azubis zu diesem<br \/>\nbesonderen Gedenken ein, wir hei\u00dfen alle ganz herzlich willkommen!<\/p>\n<p>Zu <strong>&#8222;Ehren der wei\u00dfen Zunft&#8220;<\/strong> treffen wir uns wieder traditionell in Berufskleidung und Kochhut.<br \/>\nIm Anschluss kommen wir in &#8222;k\u00f6chelnder Runde&#8220; bei unserem <strong>Kollegen Gerhard Plankl<\/strong> zusammen.<br \/>\nGerhard l\u00e4dt wieder vor dem Gottesdienst alle ganz herzlich ab 13.30 Uhr zu Kaffee und Kuchen ein<br \/>\nund nach dem Gottesdienst lassen wir unseren K\u00f6chevereinsnachmittag und Vereinsabend bei einer<br \/>\ngemeinsamen Brotzeit ausklingen.<\/p>\n<p>Wir bedanken uns ganz herzlich bei Gerhard f\u00fcr die Einladung und Organisation dieses besonderen<br \/>\nK\u00f6chevereinsnachmittag im Gedenken an unsere Verstorbenen und unserer kollegialen K\u00f6chegemeinschaft.<br \/>\n<strong>Mit herzlichen&#8220;k\u00f6chelnden&#8220;Gr\u00fc\u00dfen<br \/>\nEure Vorstandschaft unseres K\u00f6cheverein Inn-Salzach e.V.<\/strong><\/p>\n","protected":false},"featured_media":834,"template":"","meta":[],"yoast_head":"<!-- This site is optimized with the Yoast SEO plugin v20.0 - https:\/\/yoast.com\/wordpress\/plugins\/seo\/ -->\n<title>Gedenkgottesdienst unseres K\u00f6cheverein Inn-Salzach e.V. - Landesverband der K\u00f6che Bayern<\/title>\n<meta name=\"robots\" content=\"noindex, follow, max-snippet:-1, max-image-preview:large, max-video-preview:-1\" \/>\n<meta property=\"og:locale\" content=\"de_DE\" \/>\n<meta property=\"og:type\" content=\"article\" \/>\n<meta property=\"og:title\" content=\"Gedenkgottesdienst unseres K\u00f6cheverein Inn-Salzach e.V. - Landesverband der K\u00f6che Bayern\" \/>\n<meta property=\"og:description\" content=\"Liebe Kolleginnen und Kollegen, liebe K\u00f6chevereinsmitglieder, liebe Freunde der wei\u00dfen Zunft, &#8230;&#8220;aus unserem Vereinskalender&#8220;&#8230; heute in einer Woche sehen wir uns wieder! Herzliche Einladung zu unserem Gedenkgottesdienst unseres K\u00f6cheverein Inn-Salzach e.V. am Dienstag, 25. November um 15 Uhr in der Kirche St. Magdalena in Alt\u00f6tting. Gemeinsam m\u00f6chten wir unsere K\u00f6chegemeinschaft st\u00e4rken, ein Miteinander pflegen und...\" \/>\n<meta property=\"og:url\" content=\"https:\/\/www.vkd.com\/lv-bayern\/events\/gedenkgottesdienst-unseres-koecheverein-inn-salzach-e-v\/\" \/>\n<meta property=\"og:site_name\" content=\"Landesverband der K\u00f6che Bayern\" \/>\n<meta property=\"og:image\" content=\"https:\/\/www.vkd.com\/lv-bayern\/wp-content\/uploads\/sites\/14\/2024\/09\/Logoklein.jpg\" \/>\n\t<meta property=\"og:image:width\" content=\"328\" \/>\n\t<meta property=\"og:image:height\" content=\"382\" \/>\n\t<meta property=\"og:image:type\" content=\"image\/jpeg\" \/>\n<meta name=\"twitter:card\" content=\"summary_large_image\" \/>\n<meta name=\"twitter:label1\" content=\"Gesch\u00e4tzte Lesezeit\" \/>\n\t<meta name=\"twitter:data1\" content=\"1\u00a0Minute\" \/>\n<script type=\"application\/ld+json\" class=\"yoast-schema-graph\">{\"@context\":\"https:\/\/schema.org\",\"@graph\":[{\"@type\":\"WebPage\",\"@id\":\"https:\/\/www.vkd.com\/lv-bayern\/events\/gedenkgottesdienst-unseres-koecheverein-inn-salzach-e-v\/\",\"url\":\"https:\/\/www.vkd.com\/lv-bayern\/events\/gedenkgottesdienst-unseres-koecheverein-inn-salzach-e-v\/\",\"name\":\"Gedenkgottesdienst unseres K\u00f6cheverein Inn-Salzach e.V. - Landesverband der K\u00f6che Bayern\",\"isPartOf\":{\"@id\":\"https:\/\/www.vkd.com\/lv-bayern\/#website\"},\"datePublished\":\"2025-11-18T09:31:11+00:00\",\"dateModified\":\"2025-11-18T09:31:11+00:00\",\"breadcrumb\":{\"@id\":\"https:\/\/www.vkd.com\/lv-bayern\/events\/gedenkgottesdienst-unseres-koecheverein-inn-salzach-e-v\/#breadcrumb\"},\"inLanguage\":\"de\",\"potentialAction\":[{\"@type\":\"ReadAction\",\"target\":[\"https:\/\/www.vkd.com\/lv-bayern\/events\/gedenkgottesdienst-unseres-koecheverein-inn-salzach-e-v\/\"]}]},{\"@type\":\"BreadcrumbList\",\"@id\":\"https:\/\/www.vkd.com\/lv-bayern\/events\/gedenkgottesdienst-unseres-koecheverein-inn-salzach-e-v\/#breadcrumb\",\"itemListElement\":[{\"@type\":\"ListItem\",\"position\":1,\"name\":\"Startseite\",\"item\":\"https:\/\/www.vkd.com\/lv-bayern\/\"},{\"@type\":\"ListItem\",\"position\":2,\"name\":\"Events\",\"item\":\"https:\/\/www.vkd.com\/lv-bayern\/events\/\"},{\"@type\":\"ListItem\",\"position\":3,\"name\":\"Gedenkgottesdienst unseres K\u00f6cheverein Inn-Salzach e.V.\"}]},{\"@type\":\"WebSite\",\"@id\":\"https:\/\/www.vkd.com\/lv-bayern\/#website\",\"url\":\"https:\/\/www.vkd.com\/lv-bayern\/\",\"name\":\"Landesverband der K\u00f6che Bayern\",\"description\":\"Landesverband im Verband der K\u00f6che Deutschlands e.V.\",\"potentialAction\":[{\"@type\":\"SearchAction\",\"target\":{\"@type\":\"EntryPoint\",\"urlTemplate\":\"https:\/\/www.vkd.com\/lv-bayern\/?s={search_term_string}\"},\"query-input\":\"required name=search_term_string\"}],\"inLanguage\":\"de\"}]}<\/script>\n<!-- \/ Yoast SEO plugin. -->","yoast_head_json":{"title":"Gedenkgottesdienst unseres K\u00f6cheverein Inn-Salzach e.V. - Landesverband der K\u00f6che Bayern","robots":{"index":"noindex","follow":"follow","max-snippet":"max-snippet:-1","max-image-preview":"max-image-preview:large","max-video-preview":"max-video-preview:-1"},"og_locale":"de_DE","og_type":"article","og_title":"Gedenkgottesdienst unseres K\u00f6cheverein Inn-Salzach e.V. - Landesverband der K\u00f6che Bayern","og_description":"Liebe Kolleginnen und Kollegen, liebe K\u00f6chevereinsmitglieder, liebe Freunde der wei\u00dfen Zunft, &#8230;&#8220;aus unserem Vereinskalender&#8220;&#8230; heute in einer Woche sehen wir uns wieder! Herzliche Einladung zu unserem Gedenkgottesdienst unseres K\u00f6cheverein Inn-Salzach e.V. am Dienstag, 25. November um 15 Uhr in der Kirche St. Magdalena in Alt\u00f6tting. Gemeinsam m\u00f6chten wir unsere K\u00f6chegemeinschaft st\u00e4rken, ein Miteinander pflegen und...","og_url":"https:\/\/www.vkd.com\/lv-bayern\/events\/gedenkgottesdienst-unseres-koecheverein-inn-salzach-e-v\/","og_site_name":"Landesverband der K\u00f6che Bayern","og_image":[{"width":328,"height":382,"url":"https:\/\/www.vkd.com\/lv-bayern\/wp-content\/uploads\/sites\/14\/2024\/09\/Logoklein.jpg","type":"image\/jpeg"}],"twitter_card":"summary_large_image","twitter_misc":{"Gesch\u00e4tzte Lesezeit":"1\u00a0Minute"},"schema":{"@context":"https:\/\/schema.org","@graph":[{"@type":"WebPage","@id":"https:\/\/www.vkd.com\/lv-bayern\/events\/gedenkgottesdienst-unseres-koecheverein-inn-salzach-e-v\/","url":"https:\/\/www.vkd.com\/lv-bayern\/events\/gedenkgottesdienst-unseres-koecheverein-inn-salzach-e-v\/","name":"Gedenkgottesdienst unseres K\u00f6cheverein Inn-Salzach e.V. - Landesverband der K\u00f6che Bayern","isPartOf":{"@id":"https:\/\/www.vkd.com\/lv-bayern\/#website"},"datePublished":"2025-11-18T09:31:11+00:00","dateModified":"2025-11-18T09:31:11+00:00","breadcrumb":{"@id":"https:\/\/www.vkd.com\/lv-bayern\/events\/gedenkgottesdienst-unseres-koecheverein-inn-salzach-e-v\/#breadcrumb"},"inLanguage":"de","potentialAction":[{"@type":"ReadAction","target":["https:\/\/www.vkd.com\/lv-bayern\/events\/gedenkgottesdienst-unseres-koecheverein-inn-salzach-e-v\/"]}]},{"@type":"BreadcrumbList","@id":"https:\/\/www.vkd.com\/lv-bayern\/events\/gedenkgottesdienst-unseres-koecheverein-inn-salzach-e-v\/#breadcrumb","itemListElement":[{"@type":"ListItem","position":1,"name":"Startseite","item":"https:\/\/www.vkd.com\/lv-bayern\/"},{"@type":"ListItem","position":2,"name":"Events","item":"https:\/\/www.vkd.com\/lv-bayern\/events\/"},{"@type":"ListItem","position":3,"name":"Gedenkgottesdienst unseres K\u00f6cheverein Inn-Salzach e.V."}]},{"@type":"WebSite","@id":"https:\/\/www.vkd.com\/lv-bayern\/#website","url":"https:\/\/www.vkd.com\/lv-bayern\/","name":"Landesverband der K\u00f6che Bayern","description":"Landesverband im Verband der K\u00f6che Deutschlands e.V.","potentialAction":[{"@type":"SearchAction","target":{"@type":"EntryPoint","urlTemplate":"https:\/\/www.vkd.com\/lv-bayern\/?s={search_term_string}"},"query-input":"required name=search_term_string"}],"inLanguage":"de"}]}},"_links":{"self":[{"href":"https:\/\/www.vkd.com\/lv-bayern\/wp-json\/wp\/v2\/events\/1953"}],"collection":[{"href":"https:\/\/www.vkd.com\/lv-bayern\/wp-json\/wp\/v2\/events"}],"about":[{"href":"https:\/\/www.vkd.com\/lv-bayern\/wp-json\/wp\/v2\/types\/events"}],"wp:featuredmedia":[{"embeddable":true,"href":"https:\/\/www.vkd.com\/lv-bayern\/wp-json\/wp\/v2\/media\/834"}],"wp:attachment":[{"href":"https:\/\/www.vkd.com\/lv-bayern\/wp-json\/wp\/v2\/media?parent=1953"}],"curies":[{"name":"wp","href":"https:\/\/api.w.org\/{rel}","templated":true}]}}