{"version":"1.0","provider_name":"Landesverband der K\u00f6che Bayern","provider_url":"https:\/\/www.vkd.com\/lv-bayern","author_name":"Kostadinov Alexander","author_url":"https:\/\/www.vkd.com\/lv-bayern\/news\/author\/gentscher-jungentscher-de\/","title":"Unsere Vorst\u00e4nde unterwegs... - Landesverband der K\u00f6che Bayern","type":"rich","width":600,"height":338,"html":"<blockquote class=\"wp-embedded-content\" data-secret=\"VeeQ0F7bYi\"><a href=\"https:\/\/www.vkd.com\/lv-bayern\/news\/unsere-vorstaende-unterwegs\/\">Unsere Vorst\u00e4nde unterwegs&#8230;<\/a><\/blockquote><iframe sandbox=\"allow-scripts\" security=\"restricted\" src=\"https:\/\/www.vkd.com\/lv-bayern\/news\/unsere-vorstaende-unterwegs\/embed\/#?secret=VeeQ0F7bYi\" width=\"600\" height=\"338\" title=\"&#8222;Unsere Vorst\u00e4nde unterwegs&#8230;&#8220; &#8211; Landesverband der K\u00f6che Bayern\" data-secret=\"VeeQ0F7bYi\" frameborder=\"0\" marginwidth=\"0\" marginheight=\"0\" scrolling=\"no\" class=\"wp-embedded-content\"><\/iframe><script type=\"text\/javascript\">\n\/*! This file is auto-generated *\/\n!function(c,d){\"use strict\";var e=!1,o=!1;if(d.querySelector)if(c.addEventListener)e=!0;if(c.wp=c.wp||{},c.wp.receiveEmbedMessage);else if(c.wp.receiveEmbedMessage=function(e){var t=e.data;if(!t);else if(!(t.secret||t.message||t.value));else if(\/[^a-zA-Z0-9]\/.test(t.secret));else{for(var r,s,a,i=d.querySelectorAll('iframe[data-secret=\"'+t.secret+'\"]'),n=d.querySelectorAll('blockquote[data-secret=\"'+t.secret+'\"]'),o=new RegExp(\"^https?:$\",\"i\"),l=0;l<n.length;l++)n[l].style.display=\"none\";for(l=0;l<i.length;l++)if(r=i[l],e.source!==r.contentWindow);else{if(r.removeAttribute(\"style\"),\"height\"===t.message){if(1e3<(s=parseInt(t.value,10)))s=1e3;else if(~~s<200)s=200;r.height=s}if(\"link\"===t.message)if(s=d.createElement(\"a\"),a=d.createElement(\"a\"),s.href=r.getAttribute(\"src\"),a.href=t.value,!o.test(a.protocol));else if(a.host===s.host)if(d.activeElement===r)c.top.location.href=t.value}}},e)c.addEventListener(\"message\",c.wp.receiveEmbedMessage,!1),d.addEventListener(\"DOMContentLoaded\",t,!1),c.addEventListener(\"load\",t,!1);function t(){if(o);else{o=!0;for(var e,t,r,s=-1!==navigator.appVersion.indexOf(\"MSIE 10\"),a=!!navigator.userAgent.match(\/Trident.*rv:11\\.\/),i=d.querySelectorAll(\"iframe.wp-embedded-content\"),n=0;n<i.length;n++){if(!(r=(t=i[n]).getAttribute(\"data-secret\")))r=Math.random().toString(36).substr(2,10),t.src+=\"#?secret=\"+r,t.setAttribute(\"data-secret\",r);if(s||a)(e=t.cloneNode(!0)).removeAttribute(\"security\"),t.parentNode.replaceChild(e,t);t.contentWindow.postMessage({message:\"ready\",secret:r},\"*\")}}}}(window,document);\n<\/script>\n","thumbnail_url":"https:\/\/www.vkd.com\/lv-bayern\/wp-content\/uploads\/sites\/14\/2024\/07\/cropped-Logo-LV-Bayern_klein-quadratisch.png","thumbnail_width":512,"thumbnail_height":512,"description":".. trefft unseren Kollegen Lars L\u00e4ufer, Schriftf\u00fchrer beim Landesverband Bayern und Mitglied Kochclub N\u00fcrnberg in seiner T\u00e4tigkeit als Culinary Advisor bei der Firma H\u00fcgli auf der Faszination Food auf der Messe N\u00fcrnberg. Er freut sich auf euren Besuch!"}